{"id":466,"date":"2023-10-12T12:52:41","date_gmt":"2023-10-12T12:52:41","guid":{"rendered":"https:\/\/frankfurt.portugal.de\/?page_id=466"},"modified":"2023-10-12T13:07:16","modified_gmt":"2023-10-12T13:07:16","slug":"acs-deutschland","status":"publish","type":"page","link":"https:\/\/frankfurt.portugal.de\/pt\/portugal-in-frankfurt\/investitionen\/acs-deutschland\/","title":{"rendered":"ACS Deutschland"},"content":{"rendered":"<div data-elementor-type=\"wp-page\" data-elementor-id=\"466\" class=\"elementor elementor-466\">\n\t\t\t\t\t\t<section class=\"elementor-section elementor-top-section elementor-element elementor-element-4b23494c elementor-section-boxed elementor-section-height-default elementor-section-height-default\" data-id=\"4b23494c\" data-element_type=\"section\" data-e-type=\"section\">\n\t\t\t\t\t\t<div class=\"elementor-container elementor-column-gap-default\">\n\t\t\t\t\t<div class=\"elementor-column elementor-col-100 elementor-top-column elementor-element elementor-element-1fd25acb\" data-id=\"1fd25acb\" data-element_type=\"column\" data-e-type=\"column\">\n\t\t\t<div class=\"elementor-widget-wrap elementor-element-populated\">\n\t\t\t\t\t\t<div class=\"elementor-element elementor-element-380d7571 elementor-widget elementor-widget-image\" data-id=\"380d7571\" data-element_type=\"widget\" data-e-type=\"widget\" data-widget_type=\"image.default\">\n\t\t\t\t<div class=\"elementor-widget-container\">\n\t\t\t\t\t\t\t\t\t\t\t\t\t\t\t\t<a href=\"http:\/\/www.bree.com\">\n\t\t\t\t\t\t\t<img decoding=\"async\" width=\"300\" height=\"80\" src=\"https:\/\/frankfurt.portugal.de\/wp-content\/uploads\/2023\/10\/ACS-300x80.png\" class=\"attachment-medium size-medium wp-image-506\" alt=\"\" srcset=\"https:\/\/frankfurt.portugal.de\/wp-content\/uploads\/2023\/10\/ACS-300x80.png 300w, https:\/\/frankfurt.portugal.de\/wp-content\/uploads\/2023\/10\/ACS-18x5.png 18w, https:\/\/frankfurt.portugal.de\/wp-content\/uploads\/2023\/10\/ACS.png 448w\" sizes=\"100vw\" \/>\t\t\t\t\t\t\t\t<\/a>\n\t\t\t\t\t\t\t\t\t\t\t\t\t\t\t<\/div>\n\t\t\t\t<\/div>\n\t\t\t\t\t<\/div>\n\t\t<\/div>\n\t\t\t\t\t<\/div>\n\t\t<\/section>\n\t\t\t\t<section class=\"elementor-section elementor-top-section elementor-element elementor-element-30d2301b elementor-section-boxed elementor-section-height-default elementor-section-height-default\" data-id=\"30d2301b\" data-element_type=\"section\" data-e-type=\"section\">\n\t\t\t\t\t\t<div class=\"elementor-container elementor-column-gap-default\">\n\t\t\t\t\t<div class=\"elementor-column elementor-col-50 elementor-top-column elementor-element elementor-element-6c2b1a10\" data-id=\"6c2b1a10\" data-element_type=\"column\" data-e-type=\"column\">\n\t\t\t<div class=\"elementor-widget-wrap elementor-element-populated\">\n\t\t\t\t\t\t<div class=\"elementor-element elementor-element-611e2711 elementor-widget elementor-widget-heading\" data-id=\"611e2711\" data-element_type=\"widget\" data-e-type=\"widget\" data-widget_type=\"heading.default\">\n\t\t\t\t<div class=\"elementor-widget-container\">\n\t\t\t\t\t<h3 class=\"elementor-heading-title elementor-size-default\">... em Portugal<\/h3>\t\t\t\t<\/div>\n\t\t\t\t<\/div>\n\t\t\t\t<div class=\"elementor-element elementor-element-6f3f23f1 elementor-widget elementor-widget-text-editor\" data-id=\"6f3f23f1\" data-element_type=\"widget\" data-e-type=\"widget\" data-widget_type=\"text-editor.default\">\n\t\t\t\t<div class=\"elementor-widget-container\">\n\t\t\t\t\t\t\t\t\t<p><strong>Nome: <\/strong>Simoldes A\u00e7os, S.A.<\/p><p><strong>Localiza\u00e7\u00e3o: <\/strong>Rua Comendador Ant\u00f3nio da Silva Rodrigues 100, 3720-502 Santiago de Riba<\/p><p><strong style=\"font-family: var( --e-global-typography-text-font-family ), Sans-serif;\">Setor: <\/strong>Equipamentos e Produtos Industriais - Moldes<\/p>\t\t\t\t\t\t\t\t<\/div>\n\t\t\t\t<\/div>\n\t\t\t\t\t<\/div>\n\t\t<\/div>\n\t\t\t\t<div class=\"elementor-column elementor-col-50 elementor-top-column elementor-element elementor-element-5dd86341\" data-id=\"5dd86341\" data-element_type=\"column\" data-e-type=\"column\">\n\t\t\t<div class=\"elementor-widget-wrap elementor-element-populated\">\n\t\t\t\t\t\t<div class=\"elementor-element elementor-element-dc9b09b elementor-widget elementor-widget-heading\" data-id=\"dc9b09b\" data-element_type=\"widget\" data-e-type=\"widget\" data-widget_type=\"heading.default\">\n\t\t\t\t<div class=\"elementor-widget-container\">\n\t\t\t\t\t<h3 class=\"elementor-heading-title elementor-size-default\">... na Alemanha<\/h3>\t\t\t\t<\/div>\n\t\t\t\t<\/div>\n\t\t\t\t<div class=\"elementor-element elementor-element-5b301438 elementor-widget elementor-widget-text-editor\" data-id=\"5b301438\" data-element_type=\"widget\" data-e-type=\"widget\" data-widget_type=\"text-editor.default\">\n\t\t\t\t<div class=\"elementor-widget-container\">\n\t\t\t\t\t\t\t\t\t<p><strong>Nome: <\/strong>ACS Advanced Customer Service Deutschland GmbH<\/p><p><strong>Localiza\u00e7\u00e3o: <\/strong>Vor dem Langen Loh 6, 35075 Gladenbach<\/p><p><strong>Setor: <\/strong>Equipamentos e Produtos Industriais - Moldes<\/p>\t\t\t\t\t\t\t\t<\/div>\n\t\t\t\t<\/div>\n\t\t\t\t\t<\/div>\n\t\t<\/div>\n\t\t\t\t\t<\/div>\n\t\t<\/section>\n\t\t\t\t<section class=\"elementor-section elementor-top-section elementor-element elementor-element-5302b73f elementor-section-boxed elementor-section-height-default elementor-section-height-default\" data-id=\"5302b73f\" data-element_type=\"section\" data-e-type=\"section\">\n\t\t\t\t\t\t<div class=\"elementor-container elementor-column-gap-default\">\n\t\t\t\t\t<div class=\"elementor-column elementor-col-50 elementor-top-column elementor-element elementor-element-761bebd1\" data-id=\"761bebd1\" data-element_type=\"column\" data-e-type=\"column\">\n\t\t\t<div class=\"elementor-widget-wrap elementor-element-populated\">\n\t\t\t\t\t\t<div class=\"elementor-element elementor-element-30f3ac5b elementor-align-left elementor-widget elementor-widget-button\" data-id=\"30f3ac5b\" data-element_type=\"widget\" data-e-type=\"widget\" data-widget_type=\"button.default\">\n\t\t\t\t<div class=\"elementor-widget-container\">\n\t\t\t\t\t\t\t\t\t<div class=\"elementor-button-wrapper\">\n\t\t\t\t\t<a class=\"elementor-button elementor-button-link elementor-size-sm\" href=\"http:\/\/www.simoldestools.com\" target=\"_blank\">\n\t\t\t\t\t\t<span class=\"elementor-button-content-wrapper\">\n\t\t\t\t\t\t\t\t\t<span class=\"elementor-button-text\">Website<\/span>\n\t\t\t\t\t<\/span>\n\t\t\t\t\t<\/a>\n\t\t\t\t<\/div>\n\t\t\t\t\t\t\t\t<\/div>\n\t\t\t\t<\/div>\n\t\t\t\t\t<\/div>\n\t\t<\/div>\n\t\t\t\t<div class=\"elementor-column elementor-col-50 elementor-top-column elementor-element elementor-element-471729aa\" data-id=\"471729aa\" data-element_type=\"column\" data-e-type=\"column\">\n\t\t\t<div class=\"elementor-widget-wrap elementor-element-populated\">\n\t\t\t\t\t\t<div class=\"elementor-element elementor-element-369f32e elementor-align-left elementor-widget elementor-widget-button\" data-id=\"369f32e\" data-element_type=\"widget\" data-e-type=\"widget\" data-widget_type=\"button.default\">\n\t\t\t\t<div class=\"elementor-widget-container\">\n\t\t\t\t\t\t\t\t\t<div class=\"elementor-button-wrapper\">\n\t\t\t\t\t<a class=\"elementor-button elementor-button-link elementor-size-sm\" href=\"http:\/\/www.acs-ger.de\" target=\"_blank\">\n\t\t\t\t\t\t<span class=\"elementor-button-content-wrapper\">\n\t\t\t\t\t\t\t\t\t<span class=\"elementor-button-text\">Website<\/span>\n\t\t\t\t\t<\/span>\n\t\t\t\t\t<\/a>\n\t\t\t\t<\/div>\n\t\t\t\t\t\t\t\t<\/div>\n\t\t\t\t<\/div>\n\t\t\t\t\t<\/div>\n\t\t<\/div>\n\t\t\t\t\t<\/div>\n\t\t<\/section>\n\t\t\t\t<\/div>","protected":false},"excerpt":{"rendered":"<p>&#8230; in Portugal Name: Simoldes A\u00e7os, S.A. Standort: Rua Comendador Ant\u00f3nio da Silva Rodrigues 100, 3720-502 Santiago de Riba Branche: Industrielle Ger\u00e4te und Produkte &#8211; Gussformen &#8230; in Deutschland Name: ACS Advanced Customer Service Deutschland GmbH Standort: Vor dem Langen Loh 6, 35075 Gladenbach Branche: Industrielle Ger\u00e4te und Produkte &#8211; Gussformen Website Website<\/p>","protected":false},"author":2,"featured_media":0,"parent":78,"menu_order":0,"comment_status":"closed","ping_status":"closed","template":"","meta":{"inspiro_hide_title":false,"footnotes":""},"class_list":["post-466","page","type-page","status-publish","hentry"],"_links":{"self":[{"href":"https:\/\/frankfurt.portugal.de\/pt\/wp-json\/wp\/v2\/pages\/466","targetHints":{"allow":["GET"]}}],"collection":[{"href":"https:\/\/frankfurt.portugal.de\/pt\/wp-json\/wp\/v2\/pages"}],"about":[{"href":"https:\/\/frankfurt.portugal.de\/pt\/wp-json\/wp\/v2\/types\/page"}],"author":[{"embeddable":true,"href":"https:\/\/frankfurt.portugal.de\/pt\/wp-json\/wp\/v2\/users\/2"}],"replies":[{"embeddable":true,"href":"https:\/\/frankfurt.portugal.de\/pt\/wp-json\/wp\/v2\/comments?post=466"}],"version-history":[{"count":5,"href":"https:\/\/frankfurt.portugal.de\/pt\/wp-json\/wp\/v2\/pages\/466\/revisions"}],"predecessor-version":[{"id":510,"href":"https:\/\/frankfurt.portugal.de\/pt\/wp-json\/wp\/v2\/pages\/466\/revisions\/510"}],"up":[{"embeddable":true,"href":"https:\/\/frankfurt.portugal.de\/pt\/wp-json\/wp\/v2\/pages\/78"}],"wp:attachment":[{"href":"https:\/\/frankfurt.portugal.de\/pt\/wp-json\/wp\/v2\/media?parent=466"}],"curies":[{"name":"wp","href":"https:\/\/api.w.org\/{rel}","templated":true}]}}