{"id":465,"date":"2023-10-12T12:52:39","date_gmt":"2023-10-12T12:52:39","guid":{"rendered":"https:\/\/frankfurt.portugal.de\/?page_id=465"},"modified":"2023-10-12T13:11:36","modified_gmt":"2023-10-12T13:11:36","slug":"bial","status":"publish","type":"page","link":"https:\/\/frankfurt.portugal.de\/pt\/portugal-in-frankfurt\/investitionen\/bial\/","title":{"rendered":"BIAL"},"content":{"rendered":"<div data-elementor-type=\"wp-page\" data-elementor-id=\"465\" class=\"elementor elementor-465\">\n\t\t\t\t\t\t<section class=\"elementor-section elementor-top-section elementor-element elementor-element-9cab9fd elementor-section-boxed elementor-section-height-default elementor-section-height-default\" data-id=\"9cab9fd\" data-element_type=\"section\" data-e-type=\"section\">\n\t\t\t\t\t\t<div class=\"elementor-container elementor-column-gap-default\">\n\t\t\t\t\t<div class=\"elementor-column elementor-col-100 elementor-top-column elementor-element elementor-element-5218a0a5\" data-id=\"5218a0a5\" data-element_type=\"column\" data-e-type=\"column\">\n\t\t\t<div class=\"elementor-widget-wrap elementor-element-populated\">\n\t\t\t\t\t\t<div class=\"elementor-element elementor-element-6b8a24a7 elementor-widget elementor-widget-image\" data-id=\"6b8a24a7\" data-element_type=\"widget\" data-e-type=\"widget\" data-widget_type=\"image.default\">\n\t\t\t\t<div class=\"elementor-widget-container\">\n\t\t\t\t\t\t\t\t\t\t\t\t\t\t\t\t<a href=\"http:\/\/www.bree.com\">\n\t\t\t\t\t\t\t<img fetchpriority=\"high\" decoding=\"async\" width=\"300\" height=\"188\" src=\"https:\/\/frankfurt.portugal.de\/wp-content\/uploads\/2023\/10\/bial-e1697116251738-300x188.jpg\" class=\"attachment-medium size-medium wp-image-507\" alt=\"\" srcset=\"https:\/\/frankfurt.portugal.de\/wp-content\/uploads\/2023\/10\/bial-e1697116251738-300x188.jpg 300w, https:\/\/frankfurt.portugal.de\/wp-content\/uploads\/2023\/10\/bial-e1697116251738-18x12.jpg 18w\" sizes=\"100vw\" \/>\t\t\t\t\t\t\t\t<\/a>\n\t\t\t\t\t\t\t\t\t\t\t\t\t\t\t<\/div>\n\t\t\t\t<\/div>\n\t\t\t\t\t<\/div>\n\t\t<\/div>\n\t\t\t\t\t<\/div>\n\t\t<\/section>\n\t\t\t\t<section class=\"elementor-section elementor-top-section elementor-element elementor-element-49118577 elementor-section-boxed elementor-section-height-default elementor-section-height-default\" data-id=\"49118577\" data-element_type=\"section\" data-e-type=\"section\">\n\t\t\t\t\t\t<div class=\"elementor-container elementor-column-gap-default\">\n\t\t\t\t\t<div class=\"elementor-column elementor-col-50 elementor-top-column elementor-element elementor-element-5baefc64\" data-id=\"5baefc64\" data-element_type=\"column\" data-e-type=\"column\">\n\t\t\t<div class=\"elementor-widget-wrap elementor-element-populated\">\n\t\t\t\t\t\t<div class=\"elementor-element elementor-element-1c7953f7 elementor-widget elementor-widget-heading\" data-id=\"1c7953f7\" data-element_type=\"widget\" data-e-type=\"widget\" data-widget_type=\"heading.default\">\n\t\t\t\t<div class=\"elementor-widget-container\">\n\t\t\t\t\t<h3 class=\"elementor-heading-title elementor-size-default\">... em Portugal<\/h3>\t\t\t\t<\/div>\n\t\t\t\t<\/div>\n\t\t\t\t<div class=\"elementor-element elementor-element-5f79635b elementor-widget elementor-widget-text-editor\" data-id=\"5f79635b\" data-element_type=\"widget\" data-e-type=\"widget\" data-widget_type=\"text-editor.default\">\n\t\t\t\t<div class=\"elementor-widget-container\">\n\t\t\t\t\t\t\t\t\t<p><strong>Nome: <\/strong>BIAL &#8211; PORTELA &amp; CA., S.A.<\/p><p><strong>Localiza\u00e7\u00e3o: <\/strong>Av. da Siderurgia Nacional &#8211; Apartado 19, 4745-455- S\u00e3o Mamede Coronado<\/p><p><strong style=\"font-family: var( --e-global-typography-text-font-family ), Sans-serif;\">Setor: <\/strong>Qu\u00edmicos e Petroqu\u00edmicos - Produtos farmac\u00eauticos<\/p>\t\t\t\t\t\t\t\t<\/div>\n\t\t\t\t<\/div>\n\t\t\t\t\t<\/div>\n\t\t<\/div>\n\t\t\t\t<div class=\"elementor-column elementor-col-50 elementor-top-column elementor-element elementor-element-6285575e\" data-id=\"6285575e\" data-element_type=\"column\" data-e-type=\"column\">\n\t\t\t<div class=\"elementor-widget-wrap elementor-element-populated\">\n\t\t\t\t\t\t<div class=\"elementor-element elementor-element-551066e3 elementor-widget elementor-widget-heading\" data-id=\"551066e3\" data-element_type=\"widget\" data-e-type=\"widget\" data-widget_type=\"heading.default\">\n\t\t\t\t<div class=\"elementor-widget-container\">\n\t\t\t\t\t<h3 class=\"elementor-heading-title elementor-size-default\">... na Alemanha<\/h3>\t\t\t\t<\/div>\n\t\t\t\t<\/div>\n\t\t\t\t<div class=\"elementor-element elementor-element-647ebdc elementor-widget elementor-widget-text-editor\" data-id=\"647ebdc\" data-element_type=\"widget\" data-e-type=\"widget\" data-widget_type=\"text-editor.default\">\n\t\t\t\t<div class=\"elementor-widget-container\">\n\t\t\t\t\t\t\t\t\t<p><strong>Nome: <\/strong>BIAL Deutschland GmbH<\/p><p><strong>Localiza\u00e7\u00e3o: <\/strong>Waldeckerstra\u00dfe 13, 645546 M\u00f6rfelden-Walldorf<\/p><p><strong>Setor: <\/strong>Qu\u00edmicos e Petroqu\u00edmicos - Produtos farmac\u00eauticos<\/p>\t\t\t\t\t\t\t\t<\/div>\n\t\t\t\t<\/div>\n\t\t\t\t\t<\/div>\n\t\t<\/div>\n\t\t\t\t\t<\/div>\n\t\t<\/section>\n\t\t\t\t<section class=\"elementor-section elementor-top-section elementor-element elementor-element-31ac930 elementor-section-boxed elementor-section-height-default elementor-section-height-default\" data-id=\"31ac930\" data-element_type=\"section\" data-e-type=\"section\">\n\t\t\t\t\t\t<div class=\"elementor-container elementor-column-gap-default\">\n\t\t\t\t\t<div class=\"elementor-column elementor-col-50 elementor-top-column elementor-element elementor-element-36469f92\" data-id=\"36469f92\" data-element_type=\"column\" data-e-type=\"column\">\n\t\t\t<div class=\"elementor-widget-wrap elementor-element-populated\">\n\t\t\t\t\t\t<div class=\"elementor-element elementor-element-5d6fe9ec elementor-align-left elementor-widget elementor-widget-button\" data-id=\"5d6fe9ec\" data-element_type=\"widget\" data-e-type=\"widget\" data-widget_type=\"button.default\">\n\t\t\t\t<div class=\"elementor-widget-container\">\n\t\t\t\t\t\t\t\t\t<div class=\"elementor-button-wrapper\">\n\t\t\t\t\t<a class=\"elementor-button elementor-button-link elementor-size-sm\" href=\"http:\/\/www.bial.com\" target=\"_blank\">\n\t\t\t\t\t\t<span class=\"elementor-button-content-wrapper\">\n\t\t\t\t\t\t\t\t\t<span class=\"elementor-button-text\">Website<\/span>\n\t\t\t\t\t<\/span>\n\t\t\t\t\t<\/a>\n\t\t\t\t<\/div>\n\t\t\t\t\t\t\t\t<\/div>\n\t\t\t\t<\/div>\n\t\t\t\t\t<\/div>\n\t\t<\/div>\n\t\t\t\t<div class=\"elementor-column elementor-col-50 elementor-top-column elementor-element elementor-element-2e85027e\" data-id=\"2e85027e\" data-element_type=\"column\" data-e-type=\"column\">\n\t\t\t<div class=\"elementor-widget-wrap elementor-element-populated\">\n\t\t\t\t\t\t<div class=\"elementor-element elementor-element-41ee9d95 elementor-align-left elementor-widget elementor-widget-button\" data-id=\"41ee9d95\" data-element_type=\"widget\" data-e-type=\"widget\" data-widget_type=\"button.default\">\n\t\t\t\t<div class=\"elementor-widget-container\">\n\t\t\t\t\t\t\t\t\t<div class=\"elementor-button-wrapper\">\n\t\t\t\t\t<a class=\"elementor-button elementor-button-link elementor-size-sm\" href=\"http:\/\/www.bial.com\" target=\"_blank\">\n\t\t\t\t\t\t<span class=\"elementor-button-content-wrapper\">\n\t\t\t\t\t\t\t\t\t<span class=\"elementor-button-text\">Website<\/span>\n\t\t\t\t\t<\/span>\n\t\t\t\t\t<\/a>\n\t\t\t\t<\/div>\n\t\t\t\t\t\t\t\t<\/div>\n\t\t\t\t<\/div>\n\t\t\t\t\t<\/div>\n\t\t<\/div>\n\t\t\t\t\t<\/div>\n\t\t<\/section>\n\t\t\t\t<\/div>","protected":false},"excerpt":{"rendered":"<p>&#8230; in Portugal Name: BIAL &#8211; PORTELA &amp; CA., S.A. Standort: Av. da Siderurgia Nacional &#8211; Apartado 19, 4745-455- S\u00e3o Mamede Coronado Branche: Chemikalien und Petrochemikalien &#8211; Pharmazeutische Erzeugnisse &#8230; in Deutschland Name: BIAL Deutschland GmbH Standort: Waldeckerstra\u00dfe 13, 645546 M\u00f6rfelden-Walldorf Branche: Chemikalien und Petrochemikalien &#8211; Pharmazeutische Erzeugnisse Website Website<\/p>","protected":false},"author":2,"featured_media":0,"parent":78,"menu_order":0,"comment_status":"closed","ping_status":"closed","template":"","meta":{"inspiro_hide_title":false,"footnotes":""},"class_list":["post-465","page","type-page","status-publish","hentry"],"_links":{"self":[{"href":"https:\/\/frankfurt.portugal.de\/pt\/wp-json\/wp\/v2\/pages\/465","targetHints":{"allow":["GET"]}}],"collection":[{"href":"https:\/\/frankfurt.portugal.de\/pt\/wp-json\/wp\/v2\/pages"}],"about":[{"href":"https:\/\/frankfurt.portugal.de\/pt\/wp-json\/wp\/v2\/types\/page"}],"author":[{"embeddable":true,"href":"https:\/\/frankfurt.portugal.de\/pt\/wp-json\/wp\/v2\/users\/2"}],"replies":[{"embeddable":true,"href":"https:\/\/frankfurt.portugal.de\/pt\/wp-json\/wp\/v2\/comments?post=465"}],"version-history":[{"count":8,"href":"https:\/\/frankfurt.portugal.de\/pt\/wp-json\/wp\/v2\/pages\/465\/revisions"}],"predecessor-version":[{"id":516,"href":"https:\/\/frankfurt.portugal.de\/pt\/wp-json\/wp\/v2\/pages\/465\/revisions\/516"}],"up":[{"embeddable":true,"href":"https:\/\/frankfurt.portugal.de\/pt\/wp-json\/wp\/v2\/pages\/78"}],"wp:attachment":[{"href":"https:\/\/frankfurt.portugal.de\/pt\/wp-json\/wp\/v2\/media?parent=465"}],"curies":[{"name":"wp","href":"https:\/\/api.w.org\/{rel}","templated":true}]}}