{"id":457,"date":"2023-10-12T12:51:50","date_gmt":"2023-10-12T12:51:50","guid":{"rendered":"https:\/\/frankfurt.portugal.de\/?page_id=457"},"modified":"2023-10-12T13:22:52","modified_gmt":"2023-10-12T13:22:52","slug":"torrestir","status":"publish","type":"page","link":"https:\/\/frankfurt.portugal.de\/pt\/portugal-in-frankfurt\/investitionen\/torrestir\/","title":{"rendered":"Torrestir"},"content":{"rendered":"<div data-elementor-type=\"wp-page\" data-elementor-id=\"457\" class=\"elementor elementor-457\">\n\t\t\t\t\t\t<section class=\"elementor-section elementor-top-section elementor-element elementor-element-57db8271 elementor-section-boxed elementor-section-height-default elementor-section-height-default\" data-id=\"57db8271\" data-element_type=\"section\" data-e-type=\"section\">\n\t\t\t\t\t\t<div class=\"elementor-container elementor-column-gap-default\">\n\t\t\t\t\t<div class=\"elementor-column elementor-col-100 elementor-top-column elementor-element elementor-element-67e32fc4\" data-id=\"67e32fc4\" data-element_type=\"column\" data-e-type=\"column\">\n\t\t\t<div class=\"elementor-widget-wrap elementor-element-populated\">\n\t\t\t\t\t\t<div class=\"elementor-element elementor-element-245e8a69 elementor-widget elementor-widget-image\" data-id=\"245e8a69\" data-element_type=\"widget\" data-e-type=\"widget\" data-widget_type=\"image.default\">\n\t\t\t\t<div class=\"elementor-widget-container\">\n\t\t\t\t\t\t\t\t\t\t\t\t\t\t\t\t<a href=\"http:\/\/www.bree.com\">\n\t\t\t\t\t\t\t<img decoding=\"async\" width=\"300\" height=\"109\" src=\"https:\/\/frankfurt.portugal.de\/wp-content\/uploads\/2023\/10\/torrestir-300x109.png\" class=\"attachment-medium size-medium wp-image-498\" alt=\"\" srcset=\"https:\/\/frankfurt.portugal.de\/wp-content\/uploads\/2023\/10\/torrestir-300x109.png 300w, https:\/\/frankfurt.portugal.de\/wp-content\/uploads\/2023\/10\/torrestir-18x7.png 18w, https:\/\/frankfurt.portugal.de\/wp-content\/uploads\/2023\/10\/torrestir.png 372w\" sizes=\"100vw\" \/>\t\t\t\t\t\t\t\t<\/a>\n\t\t\t\t\t\t\t\t\t\t\t\t\t\t\t<\/div>\n\t\t\t\t<\/div>\n\t\t\t\t\t<\/div>\n\t\t<\/div>\n\t\t\t\t\t<\/div>\n\t\t<\/section>\n\t\t\t\t<section class=\"elementor-section elementor-top-section elementor-element elementor-element-77ad858c elementor-section-boxed elementor-section-height-default elementor-section-height-default\" data-id=\"77ad858c\" data-element_type=\"section\" data-e-type=\"section\">\n\t\t\t\t\t\t<div class=\"elementor-container elementor-column-gap-default\">\n\t\t\t\t\t<div class=\"elementor-column elementor-col-50 elementor-top-column elementor-element elementor-element-1f64a40a\" data-id=\"1f64a40a\" data-element_type=\"column\" data-e-type=\"column\">\n\t\t\t<div class=\"elementor-widget-wrap elementor-element-populated\">\n\t\t\t\t\t\t<div class=\"elementor-element elementor-element-772ec243 elementor-widget elementor-widget-heading\" data-id=\"772ec243\" data-element_type=\"widget\" data-e-type=\"widget\" data-widget_type=\"heading.default\">\n\t\t\t\t<div class=\"elementor-widget-container\">\n\t\t\t\t\t<h3 class=\"elementor-heading-title elementor-size-default\">... em Portugal<\/h3>\t\t\t\t<\/div>\n\t\t\t\t<\/div>\n\t\t\t\t<div class=\"elementor-element elementor-element-b9b07f1 elementor-widget elementor-widget-text-editor\" data-id=\"b9b07f1\" data-element_type=\"widget\" data-e-type=\"widget\" data-widget_type=\"text-editor.default\">\n\t\t\t\t<div class=\"elementor-widget-container\">\n\t\t\t\t\t\t\t\t\t<p><strong>Nome: <\/strong>Torrestir &#8211; Transportes Nacionais e Internacionais, S.A.<\/p><p><strong>Localiza\u00e7\u00e3o: <\/strong>Rua do Parque Comercial &#8211; Nogueira, 4710-309 Braga<\/p><p><strong style=\"font-family: var( --e-global-typography-text-font-family ), Sans-serif;\">Setor: <\/strong>Servi\u00e7os e Distribui\u00e7\u00e3o - Servi\u00e7os de transporte e log\u00edstica<br \/><br \/><\/p>\t\t\t\t\t\t\t\t<\/div>\n\t\t\t\t<\/div>\n\t\t\t\t\t<\/div>\n\t\t<\/div>\n\t\t\t\t<div class=\"elementor-column elementor-col-50 elementor-top-column elementor-element elementor-element-6feee1a5\" data-id=\"6feee1a5\" data-element_type=\"column\" data-e-type=\"column\">\n\t\t\t<div class=\"elementor-widget-wrap elementor-element-populated\">\n\t\t\t\t\t\t<div class=\"elementor-element elementor-element-3994397a elementor-widget elementor-widget-heading\" data-id=\"3994397a\" data-element_type=\"widget\" data-e-type=\"widget\" data-widget_type=\"heading.default\">\n\t\t\t\t<div class=\"elementor-widget-container\">\n\t\t\t\t\t<h3 class=\"elementor-heading-title elementor-size-default\">... na Alemanha<\/h3>\t\t\t\t<\/div>\n\t\t\t\t<\/div>\n\t\t\t\t<div class=\"elementor-element elementor-element-23059d18 elementor-widget elementor-widget-text-editor\" data-id=\"23059d18\" data-element_type=\"widget\" data-e-type=\"widget\" data-widget_type=\"text-editor.default\">\n\t\t\t\t<div class=\"elementor-widget-container\">\n\t\t\t\t\t\t\t\t\t<p><strong>Nome: <\/strong>Torrestir Deutschland GmbH<\/p><p><strong>Localiza\u00e7\u00e3o: <\/strong>Moselstr. 70, 63452 Hanau<\/p><p><strong>Setor: <\/strong>Servi\u00e7os e Distribui\u00e7\u00e3o - Servi\u00e7os de transporte e log\u00edstica<\/p>\t\t\t\t\t\t\t\t<\/div>\n\t\t\t\t<\/div>\n\t\t\t\t\t<\/div>\n\t\t<\/div>\n\t\t\t\t\t<\/div>\n\t\t<\/section>\n\t\t\t\t<section class=\"elementor-section elementor-top-section elementor-element elementor-element-28aef0e2 elementor-section-boxed elementor-section-height-default elementor-section-height-default\" data-id=\"28aef0e2\" data-element_type=\"section\" data-e-type=\"section\">\n\t\t\t\t\t\t<div class=\"elementor-container elementor-column-gap-default\">\n\t\t\t\t\t<div class=\"elementor-column elementor-col-50 elementor-top-column elementor-element elementor-element-2cdbe8cd\" data-id=\"2cdbe8cd\" data-element_type=\"column\" data-e-type=\"column\">\n\t\t\t<div class=\"elementor-widget-wrap elementor-element-populated\">\n\t\t\t\t\t\t<div class=\"elementor-element elementor-element-1bfcb25f elementor-align-left elementor-widget elementor-widget-button\" data-id=\"1bfcb25f\" data-element_type=\"widget\" data-e-type=\"widget\" data-widget_type=\"button.default\">\n\t\t\t\t<div class=\"elementor-widget-container\">\n\t\t\t\t\t\t\t\t\t<div class=\"elementor-button-wrapper\">\n\t\t\t\t\t<a class=\"elementor-button elementor-button-link elementor-size-sm\" href=\"http:\/\/www.torrestir.pt\" target=\"_blank\">\n\t\t\t\t\t\t<span class=\"elementor-button-content-wrapper\">\n\t\t\t\t\t\t\t\t\t<span class=\"elementor-button-text\">Website<\/span>\n\t\t\t\t\t<\/span>\n\t\t\t\t\t<\/a>\n\t\t\t\t<\/div>\n\t\t\t\t\t\t\t\t<\/div>\n\t\t\t\t<\/div>\n\t\t\t\t\t<\/div>\n\t\t<\/div>\n\t\t\t\t<div class=\"elementor-column elementor-col-50 elementor-top-column elementor-element elementor-element-953eded\" data-id=\"953eded\" data-element_type=\"column\" data-e-type=\"column\">\n\t\t\t<div class=\"elementor-widget-wrap elementor-element-populated\">\n\t\t\t\t\t\t<div class=\"elementor-element elementor-element-193e7478 elementor-align-left elementor-widget elementor-widget-button\" data-id=\"193e7478\" data-element_type=\"widget\" data-e-type=\"widget\" data-widget_type=\"button.default\">\n\t\t\t\t<div class=\"elementor-widget-container\">\n\t\t\t\t\t\t\t\t\t<div class=\"elementor-button-wrapper\">\n\t\t\t\t\t<a class=\"elementor-button elementor-button-link elementor-size-sm\" href=\"http:\/\/www.torrestir.pt\" target=\"_blank\">\n\t\t\t\t\t\t<span class=\"elementor-button-content-wrapper\">\n\t\t\t\t\t\t\t\t\t<span class=\"elementor-button-text\">Website<\/span>\n\t\t\t\t\t<\/span>\n\t\t\t\t\t<\/a>\n\t\t\t\t<\/div>\n\t\t\t\t\t\t\t\t<\/div>\n\t\t\t\t<\/div>\n\t\t\t\t\t<\/div>\n\t\t<\/div>\n\t\t\t\t\t<\/div>\n\t\t<\/section>\n\t\t\t\t<\/div>","protected":false},"excerpt":{"rendered":"<p>&#8230; in Portugal Name: Torrestir &#8211; Transportes Nacionais e Internacionais, S.A. Standort: Rua do Parque Comercial &#8211; Nogueira, 4710-309 Braga Branche: Dienstleistungen und Vertrieb &#8211; Transport- und Logistikdienstleistungen &#8230; in Deutschland Name: Torrestir Deutschland GmbH Standort: Moselstr. 70, 63452 Hanau Branche: Dienstleistungen und Vertrieb &#8211; Transport- und Logistikdienstleistungen Website Website<\/p>","protected":false},"author":2,"featured_media":0,"parent":78,"menu_order":0,"comment_status":"closed","ping_status":"closed","template":"","meta":{"inspiro_hide_title":false,"footnotes":""},"class_list":["post-457","page","type-page","status-publish","hentry"],"_links":{"self":[{"href":"https:\/\/frankfurt.portugal.de\/pt\/wp-json\/wp\/v2\/pages\/457","targetHints":{"allow":["GET"]}}],"collection":[{"href":"https:\/\/frankfurt.portugal.de\/pt\/wp-json\/wp\/v2\/pages"}],"about":[{"href":"https:\/\/frankfurt.portugal.de\/pt\/wp-json\/wp\/v2\/types\/page"}],"author":[{"embeddable":true,"href":"https:\/\/frankfurt.portugal.de\/pt\/wp-json\/wp\/v2\/users\/2"}],"replies":[{"embeddable":true,"href":"https:\/\/frankfurt.portugal.de\/pt\/wp-json\/wp\/v2\/comments?post=457"}],"version-history":[{"count":5,"href":"https:\/\/frankfurt.portugal.de\/pt\/wp-json\/wp\/v2\/pages\/457\/revisions"}],"predecessor-version":[{"id":544,"href":"https:\/\/frankfurt.portugal.de\/pt\/wp-json\/wp\/v2\/pages\/457\/revisions\/544"}],"up":[{"embeddable":true,"href":"https:\/\/frankfurt.portugal.de\/pt\/wp-json\/wp\/v2\/pages\/78"}],"wp:attachment":[{"href":"https:\/\/frankfurt.portugal.de\/pt\/wp-json\/wp\/v2\/media?parent=457"}],"curies":[{"name":"wp","href":"https:\/\/api.w.org\/{rel}","templated":true}]}}