{"id":79,"date":"2023-10-04T08:09:59","date_gmt":"2023-10-04T08:09:59","guid":{"rendered":"https:\/\/frankfurt.portugal.de\/?page_id=79"},"modified":"2023-10-12T10:26:27","modified_gmt":"2023-10-12T10:26:27","slug":"essen-trinken","status":"publish","type":"page","link":"http:\/\/frankfurt.portugal.de\/pt\/portugal-in-frankfurt\/essen-trinken\/","title":{"rendered":"Comida e Bebida"},"content":{"rendered":"<div data-elementor-type=\"wp-page\" data-elementor-id=\"79\" class=\"elementor elementor-79\">\n\t\t\t\t\t\t<section class=\"elementor-section elementor-top-section elementor-element elementor-element-503ff81d elementor-section-boxed elementor-section-height-default elementor-section-height-default\" data-id=\"503ff81d\" data-element_type=\"section\" data-e-type=\"section\">\n\t\t\t\t\t\t<div class=\"elementor-container elementor-column-gap-default\">\n\t\t\t\t\t<div class=\"elementor-column elementor-col-100 elementor-top-column elementor-element elementor-element-31423ae2\" data-id=\"31423ae2\" data-element_type=\"column\" data-e-type=\"column\">\n\t\t\t<div class=\"elementor-widget-wrap elementor-element-populated\">\n\t\t\t\t\t\t<div class=\"elementor-element elementor-element-5d8dd8a6 elementor-widget elementor-widget-heading\" data-id=\"5d8dd8a6\" data-element_type=\"widget\" data-e-type=\"widget\" data-widget_type=\"heading.default\">\n\t\t\t\t<div class=\"elementor-widget-container\">\n\t\t\t\t\t<h1 class=\"elementor-heading-title elementor-size-default\">Comida e Bebida<\/h1>\t\t\t\t<\/div>\n\t\t\t\t<\/div>\n\t\t\t\t\t<\/div>\n\t\t<\/div>\n\t\t\t\t\t<\/div>\n\t\t<\/section>\n\t\t\t\t<section class=\"elementor-section elementor-top-section elementor-element elementor-element-60bda07f elementor-section-boxed elementor-section-height-default elementor-section-height-default\" data-id=\"60bda07f\" data-element_type=\"section\" data-e-type=\"section\">\n\t\t\t\t\t\t<div class=\"elementor-container elementor-column-gap-default\">\n\t\t\t\t\t<div class=\"elementor-column elementor-col-100 elementor-top-column elementor-element elementor-element-51e7f8d8\" data-id=\"51e7f8d8\" data-element_type=\"column\" data-e-type=\"column\">\n\t\t\t<div class=\"elementor-widget-wrap elementor-element-populated\">\n\t\t\t\t\t\t<div class=\"elementor-element elementor-element-35972158 elementor-widget elementor-widget-heading\" data-id=\"35972158\" data-element_type=\"widget\" data-e-type=\"widget\" data-widget_type=\"heading.default\">\n\t\t\t\t<div class=\"elementor-widget-container\">\n\t\t\t\t\t<h3 class=\"elementor-heading-title elementor-size-default\">Restaurants &amp; Caf\u00e9s<\/h3>\t\t\t\t<\/div>\n\t\t\t\t<\/div>\n\t\t\t\t\t<\/div>\n\t\t<\/div>\n\t\t\t\t\t<\/div>\n\t\t<\/section>\n\t\t\t\t<section class=\"elementor-section elementor-top-section elementor-element elementor-element-513f3d6a elementor-section-boxed elementor-section-height-default elementor-section-height-default\" data-id=\"513f3d6a\" data-element_type=\"section\" data-e-type=\"section\">\n\t\t\t\t\t\t<div class=\"elementor-container elementor-column-gap-default\">\n\t\t\t\t\t<div class=\"elementor-column elementor-col-33 elementor-top-column elementor-element elementor-element-3a95e53d\" data-id=\"3a95e53d\" data-element_type=\"column\" data-e-type=\"column\">\n\t\t\t<div class=\"elementor-widget-wrap elementor-element-populated\">\n\t\t\t\t\t\t<div class=\"elementor-element elementor-element-21d1b897 elementor-widget elementor-widget-image\" data-id=\"21d1b897\" data-element_type=\"widget\" data-e-type=\"widget\" data-widget_type=\"image.default\">\n\t\t\t\t<div class=\"elementor-widget-container\">\n\t\t\t\t\t\t\t\t\t\t\t\t\t\t\t\t<a href=\"https:\/\/frankfurt.portugal.de\/pt\/portugal-in-frankfurt\/essen-trinken\/adega-alentejana\/\">\n\t\t\t\t\t\t\t<img fetchpriority=\"high\" decoding=\"async\" width=\"275\" height=\"275\" src=\"http:\/\/frankfurt.portugal.de\/wp-content\/uploads\/2023\/10\/adega-alentejana-e1697018261628.jpg\" class=\"elementor-animation-grow attachment-large size-large wp-image-284\" alt=\"\" sizes=\"100vw\" \/>\t\t\t\t\t\t\t\t<\/a>\n\t\t\t\t\t\t\t\t\t\t\t\t\t\t\t<\/div>\n\t\t\t\t<\/div>\n\t\t\t\t<div class=\"elementor-element elementor-element-4d3289ed elementor-widget elementor-widget-heading\" data-id=\"4d3289ed\" data-element_type=\"widget\" data-e-type=\"widget\" data-widget_type=\"heading.default\">\n\t\t\t\t<div class=\"elementor-widget-container\">\n\t\t\t\t\t<h4 class=\"elementor-heading-title elementor-size-medium\">Adega Alentejana<\/h4>\t\t\t\t<\/div>\n\t\t\t\t<\/div>\n\t\t\t\t\t<\/div>\n\t\t<\/div>\n\t\t\t\t<div class=\"elementor-column elementor-col-33 elementor-top-column elementor-element elementor-element-88e009b\" data-id=\"88e009b\" data-element_type=\"column\" data-e-type=\"column\">\n\t\t\t<div class=\"elementor-widget-wrap elementor-element-populated\">\n\t\t\t\t\t\t<div class=\"elementor-element elementor-element-cf8da1a elementor-widget elementor-widget-image\" data-id=\"cf8da1a\" data-element_type=\"widget\" data-e-type=\"widget\" data-widget_type=\"image.default\">\n\t\t\t\t<div class=\"elementor-widget-container\">\n\t\t\t\t\t\t\t\t\t\t\t\t\t\t\t\t<a href=\"https:\/\/frankfurt.portugal.de\/pt\/portugal-in-frankfurt\/essen-trinken\/algarve\/\">\n\t\t\t\t\t\t\t<img decoding=\"async\" width=\"275\" height=\"275\" src=\"http:\/\/frankfurt.portugal.de\/wp-content\/uploads\/2023\/10\/algarve-e1697018346880.jpg\" class=\"elementor-animation-grow attachment-large size-large wp-image-285\" alt=\"\" sizes=\"100vw\" \/>\t\t\t\t\t\t\t\t<\/a>\n\t\t\t\t\t\t\t\t\t\t\t\t\t\t\t<\/div>\n\t\t\t\t<\/div>\n\t\t\t\t<div class=\"elementor-element elementor-element-4dfe601 elementor-widget elementor-widget-heading\" data-id=\"4dfe601\" data-element_type=\"widget\" data-e-type=\"widget\" data-widget_type=\"heading.default\">\n\t\t\t\t<div class=\"elementor-widget-container\">\n\t\t\t\t\t<h4 class=\"elementor-heading-title elementor-size-medium\">Algarve<\/h4>\t\t\t\t<\/div>\n\t\t\t\t<\/div>\n\t\t\t\t\t<\/div>\n\t\t<\/div>\n\t\t\t\t<div class=\"elementor-column elementor-col-33 elementor-top-column elementor-element elementor-element-347ab06\" data-id=\"347ab06\" data-element_type=\"column\" data-e-type=\"column\">\n\t\t\t<div class=\"elementor-widget-wrap elementor-element-populated\">\n\t\t\t\t\t\t<div class=\"elementor-element elementor-element-bf9cb38 elementor-widget elementor-widget-image\" data-id=\"bf9cb38\" data-element_type=\"widget\" data-e-type=\"widget\" data-widget_type=\"image.default\">\n\t\t\t\t<div class=\"elementor-widget-container\">\n\t\t\t\t\t\t\t\t\t\t\t\t\t\t\t\t<a href=\"https:\/\/frankfurt.portugal.de\/pt\/portugal-in-frankfurt\/essen-trinken\/alma\/\">\n\t\t\t\t\t\t\t<img decoding=\"async\" width=\"181\" height=\"181\" src=\"http:\/\/frankfurt.portugal.de\/wp-content\/uploads\/2023\/10\/alma-e1697018370120.jpg\" class=\"elementor-animation-grow attachment-large size-large wp-image-286\" alt=\"\" srcset=\"http:\/\/frankfurt.portugal.de\/wp-content\/uploads\/2023\/10\/alma-e1697018370120.jpg 181w, http:\/\/frankfurt.portugal.de\/wp-content\/uploads\/2023\/10\/alma-e1697018370120-150x150.jpg 150w, http:\/\/frankfurt.portugal.de\/wp-content\/uploads\/2023\/10\/alma-e1697018370120-12x12.jpg 12w\" sizes=\"100vw\" \/>\t\t\t\t\t\t\t\t<\/a>\n\t\t\t\t\t\t\t\t\t\t\t\t\t\t\t<\/div>\n\t\t\t\t<\/div>\n\t\t\t\t<div class=\"elementor-element elementor-element-0e7b310 elementor-widget elementor-widget-heading\" data-id=\"0e7b310\" data-element_type=\"widget\" data-e-type=\"widget\" data-widget_type=\"heading.default\">\n\t\t\t\t<div class=\"elementor-widget-container\">\n\t\t\t\t\t<h4 class=\"elementor-heading-title elementor-size-medium\">Alma<\/h4>\t\t\t\t<\/div>\n\t\t\t\t<\/div>\n\t\t\t\t\t<\/div>\n\t\t<\/div>\n\t\t\t\t\t<\/div>\n\t\t<\/section>\n\t\t\t\t<section class=\"elementor-section elementor-top-section elementor-element elementor-element-01976d5 elementor-section-boxed elementor-section-height-default elementor-section-height-default\" data-id=\"01976d5\" data-element_type=\"section\" data-e-type=\"section\">\n\t\t\t\t\t\t<div class=\"elementor-container elementor-column-gap-default\">\n\t\t\t\t\t<div class=\"elementor-column elementor-col-33 elementor-top-column elementor-element elementor-element-e956952\" data-id=\"e956952\" data-element_type=\"column\" data-e-type=\"column\">\n\t\t\t<div class=\"elementor-widget-wrap elementor-element-populated\">\n\t\t\t\t\t\t<div class=\"elementor-element elementor-element-5a06516 elementor-widget elementor-widget-image\" data-id=\"5a06516\" data-element_type=\"widget\" data-e-type=\"widget\" data-widget_type=\"image.default\">\n\t\t\t\t<div class=\"elementor-widget-container\">\n\t\t\t\t\t\t\t\t\t\t\t\t\t\t\t\t<a href=\"https:\/\/frankfurt.portugal.de\/pt\/portugal-in-frankfurt\/essen-trinken\/cafe-da-maria\/\">\n\t\t\t\t\t\t\t<img loading=\"lazy\" decoding=\"async\" width=\"224\" height=\"225\" src=\"http:\/\/frankfurt.portugal.de\/wp-content\/uploads\/2023\/10\/cafe-da-maria.jpg\" class=\"elementor-animation-grow attachment-large size-large wp-image-287\" alt=\"\" srcset=\"http:\/\/frankfurt.portugal.de\/wp-content\/uploads\/2023\/10\/cafe-da-maria.jpg 224w, http:\/\/frankfurt.portugal.de\/wp-content\/uploads\/2023\/10\/cafe-da-maria-150x150.jpg 150w, http:\/\/frankfurt.portugal.de\/wp-content\/uploads\/2023\/10\/cafe-da-maria-12x12.jpg 12w\" sizes=\"100vw\" \/>\t\t\t\t\t\t\t\t<\/a>\n\t\t\t\t\t\t\t\t\t\t\t\t\t\t\t<\/div>\n\t\t\t\t<\/div>\n\t\t\t\t<div class=\"elementor-element elementor-element-0a54317 elementor-widget elementor-widget-heading\" data-id=\"0a54317\" data-element_type=\"widget\" data-e-type=\"widget\" data-widget_type=\"heading.default\">\n\t\t\t\t<div class=\"elementor-widget-container\">\n\t\t\t\t\t<h4 class=\"elementor-heading-title elementor-size-medium\">Caf\u00e9 da Maria<\/h4>\t\t\t\t<\/div>\n\t\t\t\t<\/div>\n\t\t\t\t\t<\/div>\n\t\t<\/div>\n\t\t\t\t<div class=\"elementor-column elementor-col-33 elementor-top-column elementor-element elementor-element-3bb970d\" data-id=\"3bb970d\" data-element_type=\"column\" data-e-type=\"column\">\n\t\t\t<div class=\"elementor-widget-wrap elementor-element-populated\">\n\t\t\t\t\t\t<div class=\"elementor-element elementor-element-152d344 elementor-widget elementor-widget-image\" data-id=\"152d344\" data-element_type=\"widget\" data-e-type=\"widget\" data-widget_type=\"image.default\">\n\t\t\t\t<div class=\"elementor-widget-container\">\n\t\t\t\t\t\t\t\t\t\t\t\t\t\t\t\t<a href=\"https:\/\/frankfurt.portugal.de\/pt\/portugal-in-frankfurt\/essen-trinken\/cantinho-portugues\/\">\n\t\t\t\t\t\t\t<img loading=\"lazy\" decoding=\"async\" width=\"950\" height=\"534\" src=\"http:\/\/frankfurt.portugal.de\/wp-content\/uploads\/2023\/10\/cantinho-portugues-1024x576.jpg\" class=\"elementor-animation-grow attachment-large size-large wp-image-288\" alt=\"\" srcset=\"http:\/\/frankfurt.portugal.de\/wp-content\/uploads\/2023\/10\/cantinho-portugues-1024x576.jpg 1024w, http:\/\/frankfurt.portugal.de\/wp-content\/uploads\/2023\/10\/cantinho-portugues-768x432.jpg 768w\" sizes=\"100vw\" \/>\t\t\t\t\t\t\t\t<\/a>\n\t\t\t\t\t\t\t\t\t\t\t\t\t\t\t<\/div>\n\t\t\t\t<\/div>\n\t\t\t\t<div class=\"elementor-element elementor-element-5be9d4e elementor-widget elementor-widget-heading\" data-id=\"5be9d4e\" data-element_type=\"widget\" data-e-type=\"widget\" data-widget_type=\"heading.default\">\n\t\t\t\t<div class=\"elementor-widget-container\">\n\t\t\t\t\t<h4 class=\"elementor-heading-title elementor-size-medium\">Cantinho Portugu\u00eas<\/h4>\t\t\t\t<\/div>\n\t\t\t\t<\/div>\n\t\t\t\t\t<\/div>\n\t\t<\/div>\n\t\t\t\t<div class=\"elementor-column elementor-col-33 elementor-top-column elementor-element elementor-element-003a229\" data-id=\"003a229\" data-element_type=\"column\" data-e-type=\"column\">\n\t\t\t<div class=\"elementor-widget-wrap elementor-element-populated\">\n\t\t\t\t\t\t<div class=\"elementor-element elementor-element-5926da0 elementor-widget elementor-widget-image\" data-id=\"5926da0\" data-element_type=\"widget\" data-e-type=\"widget\" data-widget_type=\"image.default\">\n\t\t\t\t<div class=\"elementor-widget-container\">\n\t\t\t\t\t\t\t\t\t\t\t\t\t\t\t\t<a href=\"https:\/\/frankfurt.portugal.de\/pt\/portugal-in-frankfurt\/essen-trinken\/casa-algarve\/\">\n\t\t\t\t\t\t\t<img loading=\"lazy\" decoding=\"async\" width=\"224\" height=\"225\" src=\"http:\/\/frankfurt.portugal.de\/wp-content\/uploads\/2023\/10\/casa-algarve.jpg\" class=\"elementor-animation-grow attachment-large size-large wp-image-289\" alt=\"\" srcset=\"http:\/\/frankfurt.portugal.de\/wp-content\/uploads\/2023\/10\/casa-algarve.jpg 224w, http:\/\/frankfurt.portugal.de\/wp-content\/uploads\/2023\/10\/casa-algarve-150x150.jpg 150w, http:\/\/frankfurt.portugal.de\/wp-content\/uploads\/2023\/10\/casa-algarve-12x12.jpg 12w\" sizes=\"100vw\" \/>\t\t\t\t\t\t\t\t<\/a>\n\t\t\t\t\t\t\t\t\t\t\t\t\t\t\t<\/div>\n\t\t\t\t<\/div>\n\t\t\t\t<div class=\"elementor-element elementor-element-975fab9 elementor-widget elementor-widget-heading\" data-id=\"975fab9\" data-element_type=\"widget\" data-e-type=\"widget\" data-widget_type=\"heading.default\">\n\t\t\t\t<div class=\"elementor-widget-container\">\n\t\t\t\t\t<h4 class=\"elementor-heading-title elementor-size-medium\">Casa Algarve<\/h4>\t\t\t\t<\/div>\n\t\t\t\t<\/div>\n\t\t\t\t\t<\/div>\n\t\t<\/div>\n\t\t\t\t\t<\/div>\n\t\t<\/section>\n\t\t\t\t<section class=\"elementor-section elementor-top-section elementor-element elementor-element-82549a7 elementor-section-boxed elementor-section-height-default elementor-section-height-default\" data-id=\"82549a7\" data-element_type=\"section\" data-e-type=\"section\">\n\t\t\t\t\t\t<div class=\"elementor-container elementor-column-gap-default\">\n\t\t\t\t\t<div class=\"elementor-column elementor-col-33 elementor-top-column elementor-element elementor-element-a2cdc32\" data-id=\"a2cdc32\" data-element_type=\"column\" data-e-type=\"column\">\n\t\t\t<div class=\"elementor-widget-wrap elementor-element-populated\">\n\t\t\t\t\t\t<div class=\"elementor-element elementor-element-3dc8ca3 elementor-widget elementor-widget-image\" data-id=\"3dc8ca3\" data-element_type=\"widget\" data-e-type=\"widget\" data-widget_type=\"image.default\">\n\t\t\t\t<div class=\"elementor-widget-container\">\n\t\t\t\t\t\t\t\t\t\t\t\t\t\t\t\t<a href=\"https:\/\/frankfurt.portugal.de\/pt\/portugal-in-frankfurt\/essen-trinken\/cavalo-negro\/\">\n\t\t\t\t\t\t\t<img loading=\"lazy\" decoding=\"async\" width=\"194\" height=\"194\" src=\"http:\/\/frankfurt.portugal.de\/wp-content\/uploads\/2023\/10\/cavalo-negro-e1697018447630.jpg\" class=\"elementor-animation-grow attachment-large size-large wp-image-290\" alt=\"\" srcset=\"http:\/\/frankfurt.portugal.de\/wp-content\/uploads\/2023\/10\/cavalo-negro-e1697018447630.jpg 194w, http:\/\/frankfurt.portugal.de\/wp-content\/uploads\/2023\/10\/cavalo-negro-e1697018447630-150x150.jpg 150w, http:\/\/frankfurt.portugal.de\/wp-content\/uploads\/2023\/10\/cavalo-negro-e1697018447630-12x12.jpg 12w\" sizes=\"100vw\" \/>\t\t\t\t\t\t\t\t<\/a>\n\t\t\t\t\t\t\t\t\t\t\t\t\t\t\t<\/div>\n\t\t\t\t<\/div>\n\t\t\t\t<div class=\"elementor-element elementor-element-1447db1 elementor-widget elementor-widget-heading\" data-id=\"1447db1\" data-element_type=\"widget\" data-e-type=\"widget\" data-widget_type=\"heading.default\">\n\t\t\t\t<div class=\"elementor-widget-container\">\n\t\t\t\t\t<h4 class=\"elementor-heading-title elementor-size-medium\">Cavalo Negro<\/h4>\t\t\t\t<\/div>\n\t\t\t\t<\/div>\n\t\t\t\t\t<\/div>\n\t\t<\/div>\n\t\t\t\t<div class=\"elementor-column elementor-col-33 elementor-top-column elementor-element elementor-element-fc8e9ba\" data-id=\"fc8e9ba\" data-element_type=\"column\" data-e-type=\"column\">\n\t\t\t<div class=\"elementor-widget-wrap elementor-element-populated\">\n\t\t\t\t\t\t<div class=\"elementor-element elementor-element-222f9d9 elementor-widget elementor-widget-image\" data-id=\"222f9d9\" data-element_type=\"widget\" data-e-type=\"widget\" data-widget_type=\"image.default\">\n\t\t\t\t<div class=\"elementor-widget-container\">\n\t\t\t\t\t\t\t\t\t\t\t\t\t\t\t\t<a href=\"https:\/\/frankfurt.portugal.de\/pt\/portugal-in-frankfurt\/essen-trinken\/clube-operario-portugues\/\">\n\t\t\t\t\t\t\t<img loading=\"lazy\" decoding=\"async\" width=\"225\" height=\"225\" src=\"http:\/\/frankfurt.portugal.de\/wp-content\/uploads\/2023\/10\/Clube-Operario-Portugues.jpg\" class=\"elementor-animation-grow attachment-large size-large wp-image-291\" alt=\"\" srcset=\"http:\/\/frankfurt.portugal.de\/wp-content\/uploads\/2023\/10\/Clube-Operario-Portugues.jpg 225w, http:\/\/frankfurt.portugal.de\/wp-content\/uploads\/2023\/10\/Clube-Operario-Portugues-150x150.jpg 150w, http:\/\/frankfurt.portugal.de\/wp-content\/uploads\/2023\/10\/Clube-Operario-Portugues-12x12.jpg 12w\" sizes=\"100vw\" \/>\t\t\t\t\t\t\t\t<\/a>\n\t\t\t\t\t\t\t\t\t\t\t\t\t\t\t<\/div>\n\t\t\t\t<\/div>\n\t\t\t\t<div class=\"elementor-element elementor-element-d100341 elementor-widget elementor-widget-heading\" data-id=\"d100341\" data-element_type=\"widget\" data-e-type=\"widget\" data-widget_type=\"heading.default\">\n\t\t\t\t<div class=\"elementor-widget-container\">\n\t\t\t\t\t<h4 class=\"elementor-heading-title elementor-size-medium\">Clube Oper\u00e1rio Portugu\u00eas<\/h4>\t\t\t\t<\/div>\n\t\t\t\t<\/div>\n\t\t\t\t\t<\/div>\n\t\t<\/div>\n\t\t\t\t<div class=\"elementor-column elementor-col-33 elementor-top-column elementor-element elementor-element-8796a8e\" data-id=\"8796a8e\" data-element_type=\"column\" data-e-type=\"column\">\n\t\t\t<div class=\"elementor-widget-wrap elementor-element-populated\">\n\t\t\t\t\t\t<div class=\"elementor-element elementor-element-5bf0201 elementor-widget elementor-widget-image\" data-id=\"5bf0201\" data-element_type=\"widget\" data-e-type=\"widget\" data-widget_type=\"image.default\">\n\t\t\t\t<div class=\"elementor-widget-container\">\n\t\t\t\t\t\t\t\t\t\t\t\t\t\t\t\t<a href=\"https:\/\/frankfurt.portugal.de\/pt\/portugal-in-frankfurt\/essen-trinken\/der-portugiese\/\">\n\t\t\t\t\t\t\t<img loading=\"lazy\" decoding=\"async\" width=\"275\" height=\"275\" src=\"http:\/\/frankfurt.portugal.de\/wp-content\/uploads\/2023\/10\/der-portugiese-e1697018504362.jpg\" class=\"elementor-animation-grow attachment-large size-large wp-image-292\" alt=\"\" sizes=\"100vw\" \/>\t\t\t\t\t\t\t\t<\/a>\n\t\t\t\t\t\t\t\t\t\t\t\t\t\t\t<\/div>\n\t\t\t\t<\/div>\n\t\t\t\t<div class=\"elementor-element elementor-element-d3cef81 elementor-widget elementor-widget-heading\" data-id=\"d3cef81\" data-element_type=\"widget\" data-e-type=\"widget\" data-widget_type=\"heading.default\">\n\t\t\t\t<div class=\"elementor-widget-container\">\n\t\t\t\t\t<h4 class=\"elementor-heading-title elementor-size-medium\">Der Portugiese<\/h4>\t\t\t\t<\/div>\n\t\t\t\t<\/div>\n\t\t\t\t\t<\/div>\n\t\t<\/div>\n\t\t\t\t\t<\/div>\n\t\t<\/section>\n\t\t\t\t<section class=\"elementor-section elementor-top-section elementor-element elementor-element-5a2d89f elementor-section-boxed elementor-section-height-default elementor-section-height-default\" data-id=\"5a2d89f\" data-element_type=\"section\" data-e-type=\"section\">\n\t\t\t\t\t\t<div class=\"elementor-container elementor-column-gap-default\">\n\t\t\t\t\t<div class=\"elementor-column elementor-col-33 elementor-top-column elementor-element elementor-element-cfc3594\" data-id=\"cfc3594\" data-element_type=\"column\" data-e-type=\"column\">\n\t\t\t<div class=\"elementor-widget-wrap elementor-element-populated\">\n\t\t\t\t\t\t<div class=\"elementor-element elementor-element-b30db84 elementor-widget elementor-widget-image\" data-id=\"b30db84\" data-element_type=\"widget\" data-e-type=\"widget\" data-widget_type=\"image.default\">\n\t\t\t\t<div class=\"elementor-widget-container\">\n\t\t\t\t\t\t\t\t\t\t\t\t\t\t\t\t<a href=\"https:\/\/frankfurt.portugal.de\/pt\/portugal-in-frankfurt\/essen-trinken\/estrela-doce\/\">\n\t\t\t\t\t\t\t<img loading=\"lazy\" decoding=\"async\" width=\"275\" height=\"275\" src=\"http:\/\/frankfurt.portugal.de\/wp-content\/uploads\/2023\/10\/estrela-doce-e1697018567712.jpg\" class=\"elementor-animation-grow attachment-large size-large wp-image-293\" alt=\"\" sizes=\"100vw\" \/>\t\t\t\t\t\t\t\t<\/a>\n\t\t\t\t\t\t\t\t\t\t\t\t\t\t\t<\/div>\n\t\t\t\t<\/div>\n\t\t\t\t<div class=\"elementor-element elementor-element-d2cfc15 elementor-widget elementor-widget-heading\" data-id=\"d2cfc15\" data-element_type=\"widget\" data-e-type=\"widget\" data-widget_type=\"heading.default\">\n\t\t\t\t<div class=\"elementor-widget-container\">\n\t\t\t\t\t<h4 class=\"elementor-heading-title elementor-size-medium\">Estrela Doce<\/h4>\t\t\t\t<\/div>\n\t\t\t\t<\/div>\n\t\t\t\t\t<\/div>\n\t\t<\/div>\n\t\t\t\t<div class=\"elementor-column elementor-col-33 elementor-top-column elementor-element elementor-element-0ac07cd\" data-id=\"0ac07cd\" data-element_type=\"column\" data-e-type=\"column\">\n\t\t\t<div class=\"elementor-widget-wrap elementor-element-populated\">\n\t\t\t\t\t\t<div class=\"elementor-element elementor-element-ba9d16c elementor-widget elementor-widget-image\" data-id=\"ba9d16c\" data-element_type=\"widget\" data-e-type=\"widget\" data-widget_type=\"image.default\">\n\t\t\t\t<div class=\"elementor-widget-container\">\n\t\t\t\t\t\t\t\t\t\t\t\t\t\t\t\t<a href=\"https:\/\/frankfurt.portugal.de\/pt\/portugal-in-frankfurt\/netzwerk\/internationaler-verein-windrose\/\">\n\t\t\t\t\t\t\t<img loading=\"lazy\" decoding=\"async\" width=\"200\" height=\"200\" src=\"http:\/\/frankfurt.portugal.de\/wp-content\/uploads\/2023\/10\/internationaler-verein-windrose-e1697017115548.png\" class=\"elementor-animation-grow attachment-large size-large wp-image-278\" alt=\"\" srcset=\"http:\/\/frankfurt.portugal.de\/wp-content\/uploads\/2023\/10\/internationaler-verein-windrose-e1697017115548.png 200w, http:\/\/frankfurt.portugal.de\/wp-content\/uploads\/2023\/10\/internationaler-verein-windrose-e1697017115548-150x150.png 150w, http:\/\/frankfurt.portugal.de\/wp-content\/uploads\/2023\/10\/internationaler-verein-windrose-e1697017115548-12x12.png 12w\" sizes=\"100vw\" \/>\t\t\t\t\t\t\t\t<\/a>\n\t\t\t\t\t\t\t\t\t\t\t\t\t\t\t<\/div>\n\t\t\t\t<\/div>\n\t\t\t\t<div class=\"elementor-element elementor-element-9a63a65 elementor-widget elementor-widget-heading\" data-id=\"9a63a65\" data-element_type=\"widget\" data-e-type=\"widget\" data-widget_type=\"heading.default\">\n\t\t\t\t<div class=\"elementor-widget-container\">\n\t\t\t\t\t<h4 class=\"elementor-heading-title elementor-size-medium\">Associa\u00e7\u00e3o Internacional Windrose<\/h4>\t\t\t\t<\/div>\n\t\t\t\t<\/div>\n\t\t\t\t\t<\/div>\n\t\t<\/div>\n\t\t\t\t<div class=\"elementor-column elementor-col-33 elementor-top-column elementor-element elementor-element-b578f52\" data-id=\"b578f52\" data-element_type=\"column\" data-e-type=\"column\">\n\t\t\t<div class=\"elementor-widget-wrap elementor-element-populated\">\n\t\t\t\t\t\t<div class=\"elementor-element elementor-element-31a86c3 elementor-widget elementor-widget-image\" data-id=\"31a86c3\" data-element_type=\"widget\" data-e-type=\"widget\" data-widget_type=\"image.default\">\n\t\t\t\t<div class=\"elementor-widget-container\">\n\t\t\t\t\t\t\t\t\t\t\t\t\t\t\t\t<a href=\"https:\/\/frankfurt.portugal.de\/pt\/portugal-in-frankfurt\/essen-trinken\/kutscherhaus\/\">\n\t\t\t\t\t\t\t<img loading=\"lazy\" decoding=\"async\" width=\"275\" height=\"275\" src=\"http:\/\/frankfurt.portugal.de\/wp-content\/uploads\/2023\/10\/kutscherhaus-e1697018594845.webp\" class=\"elementor-animation-grow attachment-large size-large wp-image-294\" alt=\"\" sizes=\"100vw\" \/>\t\t\t\t\t\t\t\t<\/a>\n\t\t\t\t\t\t\t\t\t\t\t\t\t\t\t<\/div>\n\t\t\t\t<\/div>\n\t\t\t\t<div class=\"elementor-element elementor-element-3320b76 elementor-widget elementor-widget-heading\" data-id=\"3320b76\" data-element_type=\"widget\" data-e-type=\"widget\" data-widget_type=\"heading.default\">\n\t\t\t\t<div class=\"elementor-widget-container\">\n\t\t\t\t\t<h4 class=\"elementor-heading-title elementor-size-medium\">Kutscherhaus<\/h4>\t\t\t\t<\/div>\n\t\t\t\t<\/div>\n\t\t\t\t\t<\/div>\n\t\t<\/div>\n\t\t\t\t\t<\/div>\n\t\t<\/section>\n\t\t\t\t<section class=\"elementor-section elementor-top-section elementor-element elementor-element-bee2179 elementor-section-boxed elementor-section-height-default elementor-section-height-default\" data-id=\"bee2179\" data-element_type=\"section\" data-e-type=\"section\">\n\t\t\t\t\t\t<div class=\"elementor-container elementor-column-gap-default\">\n\t\t\t\t\t<div class=\"elementor-column elementor-col-33 elementor-top-column elementor-element elementor-element-4624813\" data-id=\"4624813\" data-element_type=\"column\" data-e-type=\"column\">\n\t\t\t<div class=\"elementor-widget-wrap elementor-element-populated\">\n\t\t\t\t\t\t<div class=\"elementor-element elementor-element-43fb672 elementor-widget elementor-widget-image\" data-id=\"43fb672\" data-element_type=\"widget\" data-e-type=\"widget\" data-widget_type=\"image.default\">\n\t\t\t\t<div class=\"elementor-widget-container\">\n\t\t\t\t\t\t\t\t\t\t\t\t\t\t\t\t<a href=\"https:\/\/frankfurt.portugal.de\/pt\/portugal-in-frankfurt\/essen-trinken\/lusitanos-bar\/\">\n\t\t\t\t\t\t\t<img loading=\"lazy\" decoding=\"async\" width=\"950\" height=\"752\" src=\"http:\/\/frankfurt.portugal.de\/wp-content\/uploads\/2023\/10\/lusitanos-bar-1024x811.jpg\" class=\"elementor-animation-grow attachment-large size-large wp-image-295\" alt=\"\" sizes=\"100vw\" \/>\t\t\t\t\t\t\t\t<\/a>\n\t\t\t\t\t\t\t\t\t\t\t\t\t\t\t<\/div>\n\t\t\t\t<\/div>\n\t\t\t\t<div class=\"elementor-element elementor-element-c59bc98 elementor-widget elementor-widget-heading\" data-id=\"c59bc98\" data-element_type=\"widget\" data-e-type=\"widget\" data-widget_type=\"heading.default\">\n\t\t\t\t<div class=\"elementor-widget-container\">\n\t\t\t\t\t<h4 class=\"elementor-heading-title elementor-size-medium\">Lusitanos Bar<\/h4>\t\t\t\t<\/div>\n\t\t\t\t<\/div>\n\t\t\t\t\t<\/div>\n\t\t<\/div>\n\t\t\t\t<div class=\"elementor-column elementor-col-33 elementor-top-column elementor-element elementor-element-874dc00\" data-id=\"874dc00\" data-element_type=\"column\" data-e-type=\"column\">\n\t\t\t<div class=\"elementor-widget-wrap elementor-element-populated\">\n\t\t\t\t\t\t<div class=\"elementor-element elementor-element-4669a20 elementor-widget elementor-widget-image\" data-id=\"4669a20\" data-element_type=\"widget\" data-e-type=\"widget\" data-widget_type=\"image.default\">\n\t\t\t\t<div class=\"elementor-widget-container\">\n\t\t\t\t\t\t\t\t\t\t\t\t\t\t\t\t<a href=\"https:\/\/frankfurt.portugal.de\/pt\/portugal-in-frankfurt\/essen-trinken\/os-sabores-zur-stadt-fulda\/\">\n\t\t\t\t\t\t\t<img loading=\"lazy\" decoding=\"async\" width=\"275\" height=\"275\" src=\"http:\/\/frankfurt.portugal.de\/wp-content\/uploads\/2023\/10\/Os-Sabores-zur-Stadt-Fulda-e1697018656683.jpg\" class=\"elementor-animation-grow attachment-large size-large wp-image-296\" alt=\"\" sizes=\"100vw\" \/>\t\t\t\t\t\t\t\t<\/a>\n\t\t\t\t\t\t\t\t\t\t\t\t\t\t\t<\/div>\n\t\t\t\t<\/div>\n\t\t\t\t<div class=\"elementor-element elementor-element-0595738 elementor-widget elementor-widget-heading\" data-id=\"0595738\" data-element_type=\"widget\" data-e-type=\"widget\" data-widget_type=\"heading.default\">\n\t\t\t\t<div class=\"elementor-widget-container\">\n\t\t\t\t\t<h4 class=\"elementor-heading-title elementor-size-medium\">Os Sabores zur Stadt Fulda<\/h4>\t\t\t\t<\/div>\n\t\t\t\t<\/div>\n\t\t\t\t\t<\/div>\n\t\t<\/div>\n\t\t\t\t<div class=\"elementor-column elementor-col-33 elementor-top-column elementor-element elementor-element-44a37a0\" data-id=\"44a37a0\" data-element_type=\"column\" data-e-type=\"column\">\n\t\t\t<div class=\"elementor-widget-wrap elementor-element-populated\">\n\t\t\t\t\t\t<div class=\"elementor-element elementor-element-63297e4 elementor-widget elementor-widget-image\" data-id=\"63297e4\" data-element_type=\"widget\" data-e-type=\"widget\" data-widget_type=\"image.default\">\n\t\t\t\t<div class=\"elementor-widget-container\">\n\t\t\t\t\t\t\t\t\t\t\t\t\t\t\t\t<a href=\"https:\/\/frankfurt.portugal.de\/pt\/portugal-in-frankfurt\/essen-trinken\/ponte\/\">\n\t\t\t\t\t\t\t<img loading=\"lazy\" decoding=\"async\" width=\"950\" height=\"950\" src=\"http:\/\/frankfurt.portugal.de\/wp-content\/uploads\/2023\/10\/ponte-e1697018679946-1024x1024.jpg\" class=\"elementor-animation-grow attachment-large size-large wp-image-297\" alt=\"\" srcset=\"http:\/\/frankfurt.portugal.de\/wp-content\/uploads\/2023\/10\/ponte-e1697018679946-1024x1024.jpg 1024w, http:\/\/frankfurt.portugal.de\/wp-content\/uploads\/2023\/10\/ponte-e1697018679946-300x300.jpg 300w, http:\/\/frankfurt.portugal.de\/wp-content\/uploads\/2023\/10\/ponte-e1697018679946-150x150.jpg 150w, http:\/\/frankfurt.portugal.de\/wp-content\/uploads\/2023\/10\/ponte-e1697018679946-768x768.jpg 768w, http:\/\/frankfurt.portugal.de\/wp-content\/uploads\/2023\/10\/ponte-e1697018679946-12x12.jpg 12w\" sizes=\"100vw\" \/>\t\t\t\t\t\t\t\t<\/a>\n\t\t\t\t\t\t\t\t\t\t\t\t\t\t\t<\/div>\n\t\t\t\t<\/div>\n\t\t\t\t<div class=\"elementor-element elementor-element-7c5c40b elementor-widget elementor-widget-heading\" data-id=\"7c5c40b\" data-element_type=\"widget\" data-e-type=\"widget\" data-widget_type=\"heading.default\">\n\t\t\t\t<div class=\"elementor-widget-container\">\n\t\t\t\t\t<h4 class=\"elementor-heading-title elementor-size-medium\">Ponte<\/h4>\t\t\t\t<\/div>\n\t\t\t\t<\/div>\n\t\t\t\t\t<\/div>\n\t\t<\/div>\n\t\t\t\t\t<\/div>\n\t\t<\/section>\n\t\t\t\t<section class=\"elementor-section elementor-top-section elementor-element elementor-element-1143b9ec elementor-section-boxed elementor-section-height-default elementor-section-height-default\" data-id=\"1143b9ec\" data-element_type=\"section\" data-e-type=\"section\">\n\t\t\t\t\t\t<div class=\"elementor-container elementor-column-gap-default\">\n\t\t\t\t\t<div class=\"elementor-column elementor-col-33 elementor-top-column elementor-element elementor-element-747043e\" data-id=\"747043e\" data-element_type=\"column\" data-e-type=\"column\">\n\t\t\t<div class=\"elementor-widget-wrap elementor-element-populated\">\n\t\t\t\t\t\t<div class=\"elementor-element elementor-element-756ac8e elementor-widget elementor-widget-image\" data-id=\"756ac8e\" data-element_type=\"widget\" data-e-type=\"widget\" data-widget_type=\"image.default\">\n\t\t\t\t<div class=\"elementor-widget-container\">\n\t\t\t\t\t\t\t\t\t\t\t\t\t\t\t\t<a href=\"https:\/\/frankfurt.portugal.de\/pt\/portugal-in-frankfurt\/essen-trinken\/portugiesenzentrum\/\">\n\t\t\t\t\t\t\t<img loading=\"lazy\" decoding=\"async\" width=\"950\" height=\"950\" src=\"http:\/\/frankfurt.portugal.de\/wp-content\/uploads\/2023\/10\/Portugiesenzentrum-e1697018724196-1024x1024.jpg\" class=\"elementor-animation-grow attachment-large size-large wp-image-298\" alt=\"\" srcset=\"http:\/\/frankfurt.portugal.de\/wp-content\/uploads\/2023\/10\/Portugiesenzentrum-e1697018724196-1024x1024.jpg 1024w, http:\/\/frankfurt.portugal.de\/wp-content\/uploads\/2023\/10\/Portugiesenzentrum-e1697018724196-300x300.jpg 300w, http:\/\/frankfurt.portugal.de\/wp-content\/uploads\/2023\/10\/Portugiesenzentrum-e1697018724196-150x150.jpg 150w, http:\/\/frankfurt.portugal.de\/wp-content\/uploads\/2023\/10\/Portugiesenzentrum-e1697018724196-768x768.jpg 768w, http:\/\/frankfurt.portugal.de\/wp-content\/uploads\/2023\/10\/Portugiesenzentrum-e1697018724196-12x12.jpg 12w\" sizes=\"100vw\" \/>\t\t\t\t\t\t\t\t<\/a>\n\t\t\t\t\t\t\t\t\t\t\t\t\t\t\t<\/div>\n\t\t\t\t<\/div>\n\t\t\t\t<div class=\"elementor-element elementor-element-9ba7e53 elementor-widget elementor-widget-heading\" data-id=\"9ba7e53\" data-element_type=\"widget\" data-e-type=\"widget\" data-widget_type=\"heading.default\">\n\t\t\t\t<div class=\"elementor-widget-container\">\n\t\t\t\t\t<h4 class=\"elementor-heading-title elementor-size-medium\">Portugiesenzentrum<\/h4>\t\t\t\t<\/div>\n\t\t\t\t<\/div>\n\t\t\t\t\t<\/div>\n\t\t<\/div>\n\t\t\t\t<div class=\"elementor-column elementor-col-33 elementor-top-column elementor-element elementor-element-76f64097\" data-id=\"76f64097\" data-element_type=\"column\" data-e-type=\"column\">\n\t\t\t<div class=\"elementor-widget-wrap elementor-element-populated\">\n\t\t\t\t\t\t<div class=\"elementor-element elementor-element-27dd1c38 elementor-widget elementor-widget-image\" data-id=\"27dd1c38\" data-element_type=\"widget\" data-e-type=\"widget\" data-widget_type=\"image.default\">\n\t\t\t\t<div class=\"elementor-widget-container\">\n\t\t\t\t\t\t\t\t\t\t\t\t\t\t\t\t<a href=\"https:\/\/frankfurt.portugal.de\/pt\/portugal-in-frankfurt\/netzwerk\/portugiesischer-club-odenwald\/\">\n\t\t\t\t\t\t\t<img loading=\"lazy\" decoding=\"async\" width=\"138\" height=\"138\" src=\"http:\/\/frankfurt.portugal.de\/wp-content\/uploads\/2023\/10\/Portugiesischer-Club-Odenwald-e1697017141107.jpg\" class=\"elementor-animation-grow attachment-large size-large wp-image-279\" alt=\"\" srcset=\"http:\/\/frankfurt.portugal.de\/wp-content\/uploads\/2023\/10\/Portugiesischer-Club-Odenwald-e1697017141107.jpg 138w, http:\/\/frankfurt.portugal.de\/wp-content\/uploads\/2023\/10\/Portugiesischer-Club-Odenwald-e1697017141107-12x12.jpg 12w\" sizes=\"100vw\" \/>\t\t\t\t\t\t\t\t<\/a>\n\t\t\t\t\t\t\t\t\t\t\t\t\t\t\t<\/div>\n\t\t\t\t<\/div>\n\t\t\t\t<div class=\"elementor-element elementor-element-e0aedfa elementor-widget elementor-widget-heading\" data-id=\"e0aedfa\" data-element_type=\"widget\" data-e-type=\"widget\" data-widget_type=\"heading.default\">\n\t\t\t\t<div class=\"elementor-widget-container\">\n\t\t\t\t\t<h4 class=\"elementor-heading-title elementor-size-medium\">Clube Portugu\u00eas Odenwald<\/h4>\t\t\t\t<\/div>\n\t\t\t\t<\/div>\n\t\t\t\t\t<\/div>\n\t\t<\/div>\n\t\t\t\t<div class=\"elementor-column elementor-col-33 elementor-top-column elementor-element elementor-element-d6e2c5c\" data-id=\"d6e2c5c\" data-element_type=\"column\" data-e-type=\"column\">\n\t\t\t<div class=\"elementor-widget-wrap elementor-element-populated\">\n\t\t\t\t\t\t<div class=\"elementor-element elementor-element-ceee9ea elementor-widget elementor-widget-image\" data-id=\"ceee9ea\" data-element_type=\"widget\" data-e-type=\"widget\" data-widget_type=\"image.default\">\n\t\t\t\t<div class=\"elementor-widget-container\">\n\t\t\t\t\t\t\t\t\t\t\t\t\t\t\t\t<a href=\"https:\/\/frankfurt.portugal.de\/pt\/portugal-in-frankfurt\/essen-trinken\/tasquinha-da-jacinta\/\">\n\t\t\t\t\t\t\t<img loading=\"lazy\" decoding=\"async\" width=\"275\" height=\"275\" src=\"http:\/\/frankfurt.portugal.de\/wp-content\/uploads\/2023\/10\/Tasquinha-da-Jacinta-e1697018751917.jpg\" class=\"elementor-animation-grow attachment-large size-large wp-image-299\" alt=\"\" sizes=\"100vw\" \/>\t\t\t\t\t\t\t\t<\/a>\n\t\t\t\t\t\t\t\t\t\t\t\t\t\t\t<\/div>\n\t\t\t\t<\/div>\n\t\t\t\t<div class=\"elementor-element elementor-element-f349dbd elementor-widget elementor-widget-heading\" data-id=\"f349dbd\" data-element_type=\"widget\" data-e-type=\"widget\" data-widget_type=\"heading.default\">\n\t\t\t\t<div class=\"elementor-widget-container\">\n\t\t\t\t\t<h4 class=\"elementor-heading-title elementor-size-medium\">Tasquinha da Jacinta<\/h4>\t\t\t\t<\/div>\n\t\t\t\t<\/div>\n\t\t\t\t\t<\/div>\n\t\t<\/div>\n\t\t\t\t\t<\/div>\n\t\t<\/section>\n\t\t\t\t<section class=\"elementor-section elementor-top-section elementor-element elementor-element-61880d40 elementor-section-boxed elementor-section-height-default elementor-section-height-default\" data-id=\"61880d40\" data-element_type=\"section\" data-e-type=\"section\">\n\t\t\t\t\t\t<div class=\"elementor-container elementor-column-gap-default\">\n\t\t\t\t\t<div class=\"elementor-column elementor-col-100 elementor-top-column elementor-element elementor-element-5e5be94a\" data-id=\"5e5be94a\" data-element_type=\"column\" data-e-type=\"column\">\n\t\t\t<div class=\"elementor-widget-wrap elementor-element-populated\">\n\t\t\t\t\t\t<div class=\"elementor-element elementor-element-48528fd elementor-widget elementor-widget-heading\" data-id=\"48528fd\" data-element_type=\"widget\" data-e-type=\"widget\" data-widget_type=\"heading.default\">\n\t\t\t\t<div class=\"elementor-widget-container\">\n\t\t\t\t\t<h3 class=\"elementor-heading-title elementor-size-default\">Bens Alimentares<\/h3>\t\t\t\t<\/div>\n\t\t\t\t<\/div>\n\t\t\t\t\t<\/div>\n\t\t<\/div>\n\t\t\t\t\t<\/div>\n\t\t<\/section>\n\t\t\t\t<section class=\"elementor-section elementor-top-section elementor-element elementor-element-6ffac57a elementor-section-boxed elementor-section-height-default elementor-section-height-default\" data-id=\"6ffac57a\" data-element_type=\"section\" data-e-type=\"section\">\n\t\t\t\t\t\t<div class=\"elementor-container elementor-column-gap-default\">\n\t\t\t\t\t<div class=\"elementor-column elementor-col-33 elementor-top-column elementor-element elementor-element-4e215911\" data-id=\"4e215911\" data-element_type=\"column\" data-e-type=\"column\">\n\t\t\t<div class=\"elementor-widget-wrap elementor-element-populated\">\n\t\t\t\t\t\t<div class=\"elementor-element elementor-element-6a269a9c elementor-widget elementor-widget-image\" data-id=\"6a269a9c\" data-element_type=\"widget\" data-e-type=\"widget\" data-widget_type=\"image.default\">\n\t\t\t\t<div class=\"elementor-widget-container\">\n\t\t\t\t\t\t\t\t\t\t\t\t\t\t\t\t<a href=\"https:\/\/frankfurt.portugal.de\/pt\/portugal-in-frankfurt\/essen-trinken\/aveirense\/\">\n\t\t\t\t\t\t\t<img loading=\"lazy\" decoding=\"async\" width=\"194\" height=\"194\" src=\"http:\/\/frankfurt.portugal.de\/wp-content\/uploads\/2023\/10\/aveirense-e1697019176624.jpg\" class=\"elementor-animation-grow attachment-large size-large wp-image-317\" alt=\"\" srcset=\"http:\/\/frankfurt.portugal.de\/wp-content\/uploads\/2023\/10\/aveirense-e1697019176624.jpg 194w, http:\/\/frankfurt.portugal.de\/wp-content\/uploads\/2023\/10\/aveirense-e1697019176624-150x150.jpg 150w, http:\/\/frankfurt.portugal.de\/wp-content\/uploads\/2023\/10\/aveirense-e1697019176624-12x12.jpg 12w\" sizes=\"100vw\" \/>\t\t\t\t\t\t\t\t<\/a>\n\t\t\t\t\t\t\t\t\t\t\t\t\t\t\t<\/div>\n\t\t\t\t<\/div>\n\t\t\t\t<div class=\"elementor-element elementor-element-66aef72b elementor-widget elementor-widget-heading\" data-id=\"66aef72b\" data-element_type=\"widget\" data-e-type=\"widget\" data-widget_type=\"heading.default\">\n\t\t\t\t<div class=\"elementor-widget-container\">\n\t\t\t\t\t<h4 class=\"elementor-heading-title elementor-size-medium\">Aveirense<\/h4>\t\t\t\t<\/div>\n\t\t\t\t<\/div>\n\t\t\t\t\t<\/div>\n\t\t<\/div>\n\t\t\t\t<div class=\"elementor-column elementor-col-33 elementor-top-column elementor-element elementor-element-fe706aa\" data-id=\"fe706aa\" data-element_type=\"column\" data-e-type=\"column\">\n\t\t\t<div class=\"elementor-widget-wrap elementor-element-populated\">\n\t\t\t\t\t\t<div class=\"elementor-element elementor-element-28971af elementor-widget elementor-widget-image\" data-id=\"28971af\" data-element_type=\"widget\" data-e-type=\"widget\" data-widget_type=\"image.default\">\n\t\t\t\t<div class=\"elementor-widget-container\">\n\t\t\t\t\t\t\t\t\t\t\t\t\t\t\t\t<a href=\"https:\/\/frankfurt.portugal.de\/pt\/portugal-in-frankfurt\/essen-trinken\/cantinho-de-portugal\/\">\n\t\t\t\t\t\t\t<img loading=\"lazy\" decoding=\"async\" width=\"194\" height=\"194\" src=\"http:\/\/frankfurt.portugal.de\/wp-content\/uploads\/2023\/10\/cantinho-de-portugal-e1697019204916.jpg\" class=\"elementor-animation-grow attachment-large size-large wp-image-316\" alt=\"\" srcset=\"http:\/\/frankfurt.portugal.de\/wp-content\/uploads\/2023\/10\/cantinho-de-portugal-e1697019204916.jpg 194w, http:\/\/frankfurt.portugal.de\/wp-content\/uploads\/2023\/10\/cantinho-de-portugal-e1697019204916-150x150.jpg 150w, http:\/\/frankfurt.portugal.de\/wp-content\/uploads\/2023\/10\/cantinho-de-portugal-e1697019204916-12x12.jpg 12w\" sizes=\"100vw\" \/>\t\t\t\t\t\t\t\t<\/a>\n\t\t\t\t\t\t\t\t\t\t\t\t\t\t\t<\/div>\n\t\t\t\t<\/div>\n\t\t\t\t<div class=\"elementor-element elementor-element-cd61b23 elementor-widget elementor-widget-heading\" data-id=\"cd61b23\" data-element_type=\"widget\" data-e-type=\"widget\" data-widget_type=\"heading.default\">\n\t\t\t\t<div class=\"elementor-widget-container\">\n\t\t\t\t\t<h4 class=\"elementor-heading-title elementor-size-medium\">Cantinho de Portugal<\/h4>\t\t\t\t<\/div>\n\t\t\t\t<\/div>\n\t\t\t\t\t<\/div>\n\t\t<\/div>\n\t\t\t\t<div class=\"elementor-column elementor-col-33 elementor-top-column elementor-element elementor-element-6917f77\" data-id=\"6917f77\" data-element_type=\"column\" data-e-type=\"column\">\n\t\t\t<div class=\"elementor-widget-wrap elementor-element-populated\">\n\t\t\t\t\t\t<div class=\"elementor-element elementor-element-b63cb1c elementor-widget elementor-widget-image\" data-id=\"b63cb1c\" data-element_type=\"widget\" data-e-type=\"widget\" data-widget_type=\"image.default\">\n\t\t\t\t<div class=\"elementor-widget-container\">\n\t\t\t\t\t\t\t\t\t\t\t\t\t\t\t\t<a href=\"https:\/\/frankfurt.portugal.de\/pt\/portugal-in-frankfurt\/essen-trinken\/casa-de-portugal\/\">\n\t\t\t\t\t\t\t<img loading=\"lazy\" decoding=\"async\" width=\"950\" height=\"547\" src=\"http:\/\/frankfurt.portugal.de\/wp-content\/uploads\/2023\/10\/casa-de-portugal-1024x590.jpg\" class=\"elementor-animation-grow attachment-large size-large wp-image-315\" alt=\"\" srcset=\"http:\/\/frankfurt.portugal.de\/wp-content\/uploads\/2023\/10\/casa-de-portugal-1024x590.jpg 1024w, http:\/\/frankfurt.portugal.de\/wp-content\/uploads\/2023\/10\/casa-de-portugal-768x442.jpg 768w\" sizes=\"100vw\" \/>\t\t\t\t\t\t\t\t<\/a>\n\t\t\t\t\t\t\t\t\t\t\t\t\t\t\t<\/div>\n\t\t\t\t<\/div>\n\t\t\t\t<div class=\"elementor-element elementor-element-0307e5b elementor-widget elementor-widget-heading\" data-id=\"0307e5b\" data-element_type=\"widget\" data-e-type=\"widget\" data-widget_type=\"heading.default\">\n\t\t\t\t<div class=\"elementor-widget-container\">\n\t\t\t\t\t<h4 class=\"elementor-heading-title elementor-size-medium\">Casa de Portugal<\/h4>\t\t\t\t<\/div>\n\t\t\t\t<\/div>\n\t\t\t\t\t<\/div>\n\t\t<\/div>\n\t\t\t\t\t<\/div>\n\t\t<\/section>\n\t\t\t\t<section class=\"elementor-section elementor-top-section elementor-element elementor-element-699c9b7 elementor-section-boxed elementor-section-height-default elementor-section-height-default\" data-id=\"699c9b7\" data-element_type=\"section\" data-e-type=\"section\">\n\t\t\t\t\t\t<div class=\"elementor-container elementor-column-gap-default\">\n\t\t\t\t\t<div class=\"elementor-column elementor-col-33 elementor-top-column elementor-element elementor-element-b148ce8\" data-id=\"b148ce8\" data-element_type=\"column\" data-e-type=\"column\">\n\t\t\t<div class=\"elementor-widget-wrap elementor-element-populated\">\n\t\t\t\t\t\t<div class=\"elementor-element elementor-element-b8e1acc elementor-widget elementor-widget-image\" data-id=\"b8e1acc\" data-element_type=\"widget\" data-e-type=\"widget\" data-widget_type=\"image.default\">\n\t\t\t\t<div class=\"elementor-widget-container\">\n\t\t\t\t\t\t\t\t\t\t\t\t\t\t\t\t<a href=\"https:\/\/frankfurt.portugal.de\/pt\/portugal-in-frankfurt\/essen-trinken\/m-c-amaral\/\">\n\t\t\t\t\t\t\t<img loading=\"lazy\" decoding=\"async\" width=\"183\" height=\"183\" src=\"http:\/\/frankfurt.portugal.de\/wp-content\/uploads\/2023\/10\/mc-amaral-e1697019248996.jpg\" class=\"elementor-animation-grow attachment-large size-large wp-image-314\" alt=\"\" srcset=\"http:\/\/frankfurt.portugal.de\/wp-content\/uploads\/2023\/10\/mc-amaral-e1697019248996.jpg 183w, http:\/\/frankfurt.portugal.de\/wp-content\/uploads\/2023\/10\/mc-amaral-e1697019248996-150x150.jpg 150w, http:\/\/frankfurt.portugal.de\/wp-content\/uploads\/2023\/10\/mc-amaral-e1697019248996-12x12.jpg 12w\" sizes=\"100vw\" \/>\t\t\t\t\t\t\t\t<\/a>\n\t\t\t\t\t\t\t\t\t\t\t\t\t\t\t<\/div>\n\t\t\t\t<\/div>\n\t\t\t\t<div class=\"elementor-element elementor-element-4c6d548 elementor-widget elementor-widget-heading\" data-id=\"4c6d548\" data-element_type=\"widget\" data-e-type=\"widget\" data-widget_type=\"heading.default\">\n\t\t\t\t<div class=\"elementor-widget-container\">\n\t\t\t\t\t<h4 class=\"elementor-heading-title elementor-size-medium\">M.C. Amaral<\/h4>\t\t\t\t<\/div>\n\t\t\t\t<\/div>\n\t\t\t\t\t<\/div>\n\t\t<\/div>\n\t\t\t\t<div class=\"elementor-column elementor-col-33 elementor-top-column elementor-element elementor-element-c481086\" data-id=\"c481086\" data-element_type=\"column\" data-e-type=\"column\">\n\t\t\t<div class=\"elementor-widget-wrap\">\n\t\t\t\t\t\t\t<\/div>\n\t\t<\/div>\n\t\t\t\t<div class=\"elementor-column elementor-col-33 elementor-top-column elementor-element elementor-element-e99beac\" data-id=\"e99beac\" data-element_type=\"column\" data-e-type=\"column\">\n\t\t\t<div class=\"elementor-widget-wrap\">\n\t\t\t\t\t\t\t<\/div>\n\t\t<\/div>\n\t\t\t\t\t<\/div>\n\t\t<\/section>\n\t\t\t\t<\/div>","protected":false},"excerpt":{"rendered":"<p>Essen &amp; Trinken Restaurants &#038; Caf\u00e9s Adega Alentejana Algarve Alma Caf\u00e9 da Maria Cantinho Portugu\u00eas Casa Algarve Cavalo Negro Clube Oper\u00e1rio Portugu\u00eas Der Portugiese Estrela Doce Internationaler Verein Windrose Kutscherhaus Lusitanos Bar Os Sabores zur Stadt Fulda Ponte Portugiesenzentrum Portugiesischer Club Odenwald Tasquinha da Jacinta Lebensmittel Aveirense Cantinho de Portugal Casa de Portugal M.C. Amaral<\/p>","protected":false},"author":2,"featured_media":0,"parent":63,"menu_order":0,"comment_status":"closed","ping_status":"closed","template":"","meta":{"inspiro_hide_title":false,"footnotes":""},"class_list":["post-79","page","type-page","status-publish","hentry"],"_links":{"self":[{"href":"http:\/\/frankfurt.portugal.de\/pt\/wp-json\/wp\/v2\/pages\/79","targetHints":{"allow":["GET"]}}],"collection":[{"href":"http:\/\/frankfurt.portugal.de\/pt\/wp-json\/wp\/v2\/pages"}],"about":[{"href":"http:\/\/frankfurt.portugal.de\/pt\/wp-json\/wp\/v2\/types\/page"}],"author":[{"embeddable":true,"href":"http:\/\/frankfurt.portugal.de\/pt\/wp-json\/wp\/v2\/users\/2"}],"replies":[{"embeddable":true,"href":"http:\/\/frankfurt.portugal.de\/pt\/wp-json\/wp\/v2\/comments?post=79"}],"version-history":[{"count":26,"href":"http:\/\/frankfurt.portugal.de\/pt\/wp-json\/wp\/v2\/pages\/79\/revisions"}],"predecessor-version":[{"id":399,"href":"http:\/\/frankfurt.portugal.de\/pt\/wp-json\/wp\/v2\/pages\/79\/revisions\/399"}],"up":[{"embeddable":true,"href":"http:\/\/frankfurt.portugal.de\/pt\/wp-json\/wp\/v2\/pages\/63"}],"wp:attachment":[{"href":"http:\/\/frankfurt.portugal.de\/pt\/wp-json\/wp\/v2\/media?parent=79"}],"curies":[{"name":"wp","href":"https:\/\/api.w.org\/{rel}","templated":true}]}}